{"id":48,"date":"2015-10-20T09:59:45","date_gmt":"2015-10-20T09:59:45","guid":{"rendered":"http:\/\/vivreauportugalconsulting.com\/?page_id=48"},"modified":"2019-09-26T08:49:39","modified_gmt":"2019-09-26T07:49:39","slug":"fiscalite-immobiliere-au-portugal","status":"publish","type":"page","link":"https:\/\/vivreauportugalconsulting.com\/fr_fr\/fiscalite-immobiliere-au-portugal\/","title":{"rendered":"FISCALIT\u00c9 IMMOBILI\u00c8RE AU PORTUGAL"},"content":{"rendered":"\t\t<div data-elementor-type=\"wp-page\" data-elementor-id=\"48\" class=\"elementor elementor-48\" data-elementor-post-type=\"page\">\n\t\t\t\t\t\t<section class=\"elementor-section elementor-top-section elementor-element elementor-element-49cb504d elementor-section-height-min-height elementor-section-content-middle elementor-reverse-mobile elementor-section-items-stretch elementor-section-boxed elementor-section-height-default\" data-id=\"49cb504d\" data-element_type=\"section\" data-e-type=\"section\" data-settings=\"{&quot;background_background&quot;:&quot;classic&quot;}\">\n\t\t\t\t\t\t\t<div class=\"elementor-background-overlay\"><\/div>\n\t\t\t\t\t\t\t<div class=\"elementor-container elementor-column-gap-default\">\n\t\t\t\t\t<div class=\"elementor-column elementor-col-100 elementor-top-column elementor-element elementor-element-1a17f28b\" data-id=\"1a17f28b\" data-element_type=\"column\" data-e-type=\"column\">\n\t\t\t<div class=\"elementor-widget-wrap elementor-element-populated\">\n\t\t\t\t\t\t<div class=\"elementor-element elementor-element-41185b9f elementor-invisible elementor-widget elementor-widget-heading\" data-id=\"41185b9f\" data-element_type=\"widget\" data-e-type=\"widget\" data-settings=\"{&quot;_animation&quot;:&quot;slideInRight&quot;}\" data-widget_type=\"heading.default\">\n\t\t\t\t<div class=\"elementor-widget-container\">\n\t\t\t\t\t<h1 class=\"elementor-heading-title elementor-size-default\">Fiscalit\u00e9 immobili\u00e8re au Portugal<\/h1>\t\t\t\t<\/div>\n\t\t\t\t<\/div>\n\t\t\t\t<div class=\"elementor-element elementor-element-44de0e7b elementor-widget-divider--view-line elementor-invisible elementor-widget elementor-widget-divider\" data-id=\"44de0e7b\" data-element_type=\"widget\" data-e-type=\"widget\" data-settings=\"{&quot;_animation&quot;:&quot;slideInLeft&quot;}\" data-widget_type=\"divider.default\">\n\t\t\t\t<div class=\"elementor-widget-container\">\n\t\t\t\t\t\t\t<div class=\"elementor-divider\">\n\t\t\t<span class=\"elementor-divider-separator\">\n\t\t\t\t\t\t<\/span>\n\t\t<\/div>\n\t\t\t\t\t\t<\/div>\n\t\t\t\t<\/div>\n\t\t\t\t<div class=\"elementor-element elementor-element-6b312a4b elementor-widget elementor-widget-text-editor\" data-id=\"6b312a4b\" data-element_type=\"widget\" data-e-type=\"widget\" data-widget_type=\"text-editor.default\">\n\t\t\t\t<div class=\"elementor-widget-container\">\n\t\t\t\t\t\t\t\t\t<p>Tout comme en France, l\u2019acquisition d\u2019une\u00a0<span style=\"color: #ffffff;\"><a style=\"color: #ffffff;\" href=\"https:\/\/vivreauportugalconsulting.com\/produit\/guide-immobilier-au-portugal\/\">r\u00e9sidence principale ou d\u2019une r\u00e9sidence secondaire<\/a><\/span>\u00a0est \u00e9galement soumise \u00e0 la fiscalit\u00e9 immobili\u00e8re au Portugal. Ainsi vous trouverez ci-dessous le d\u00e9tail complet de la fiscalit\u00e9 immobili\u00e8re applicable au\u00a0<span style=\"color: #ffffff;\"><a style=\"color: #ffffff;\" href=\"https:\/\/agencelusoimmobilier.com\/\" target=\"_blank\" rel=\"noreferrer noopener\" aria-label=\"Portugal (opens in a new tab)\">Portugal<\/a><\/span>.<\/p>\t\t\t\t\t\t\t\t<\/div>\n\t\t\t\t<\/div>\n\t\t\t\t\t<\/div>\n\t\t<\/div>\n\t\t\t\t<div class=\"elementor-column elementor-col-100 elementor-top-column elementor-element elementor-element-560b4a45\" data-id=\"560b4a45\" data-element_type=\"column\" data-e-type=\"column\">\n\t\t\t<div class=\"elementor-widget-wrap elementor-element-populated\">\n\t\t\t\t\t\t<div class=\"elementor-element elementor-element-46abdff6 elementor-widget elementor-widget-spacer\" data-id=\"46abdff6\" data-element_type=\"widget\" data-e-type=\"widget\" data-widget_type=\"spacer.default\">\n\t\t\t\t<div class=\"elementor-widget-container\">\n\t\t\t\t\t\t\t<div class=\"elementor-spacer\">\n\t\t\t<div class=\"elementor-spacer-inner\"><\/div>\n\t\t<\/div>\n\t\t\t\t\t\t<\/div>\n\t\t\t\t<\/div>\n\t\t\t\t\t<\/div>\n\t\t<\/div>\n\t\t\t\t\t<\/div>\n\t\t<\/section>\n\t\t\t\t<section class=\"elementor-section elementor-top-section elementor-element elementor-element-685de225 elementor-section-boxed elementor-section-height-default elementor-section-height-default\" data-id=\"685de225\" data-element_type=\"section\" data-e-type=\"section\" data-settings=\"{&quot;background_background&quot;:&quot;classic&quot;}\">\n\t\t\t\t\t\t<div class=\"elementor-container elementor-column-gap-default\">\n\t\t\t\t\t<div class=\"elementor-column elementor-col-50 elementor-top-column elementor-element elementor-element-4f1cc7ed\" data-id=\"4f1cc7ed\" data-element_type=\"column\" data-e-type=\"column\">\n\t\t\t<div class=\"elementor-widget-wrap elementor-element-populated\">\n\t\t\t\t\t\t<div class=\"elementor-element elementor-element-16a9cac4 elementor-widget elementor-widget-heading\" data-id=\"16a9cac4\" data-element_type=\"widget\" data-e-type=\"widget\" data-widget_type=\"heading.default\">\n\t\t\t\t<div class=\"elementor-widget-container\">\n\t\t\t\t\t<h2 class=\"elementor-heading-title elementor-size-default\">The Value of Our Services<\/h2>\t\t\t\t<\/div>\n\t\t\t\t<\/div>\n\t\t\t\t<div class=\"elementor-element elementor-element-4ddc58e7 elementor-widget elementor-widget-text-editor\" data-id=\"4ddc58e7\" data-element_type=\"widget\" data-e-type=\"widget\" data-widget_type=\"text-editor.default\">\n\t\t\t\t<div class=\"elementor-widget-container\">\n\t\t\t\t\t\t\t\t\t<h3>Droits de timbre\u00a0(Imposto do Selo)<\/h3>\n<p>De base, il est d\u2019un montant fixe de 0,8% calcul\u00e9 sur la valeur de l\u2019achat, ou la valeur fiscale. Lorsque cette derni\u00e8re est sup\u00e9rieure. \u00a0<\/p>\n<h3>IMT\u00a0(Imposto Municipal sobre a Transmiss\u00e3o Onerosa de Im\u00f3veis)<\/h3>\n<p>C\u2019est un imp\u00f4t dont le montant est calcul\u00e9 sur la valeur de l\u2019achat, ou la valeur fiscale. Lorsque cette derni\u00e8re est sup\u00e9rieure, en appliquant le bar\u00e8me suivant :<\/p>\t\t\t\t\t\t\t\t<\/div>\n\t\t\t\t<\/div>\n\t\t\t\t<div class=\"elementor-element elementor-element-7d784de elementor-widget elementor-widget-text-editor\" data-id=\"7d784de\" data-element_type=\"widget\" data-e-type=\"widget\" data-widget_type=\"text-editor.default\">\n\t\t\t\t<div class=\"elementor-widget-container\">\n\t\t\t\t\t\t\t\t\t<table class=\"wp-block-table\">\n<tbody>\n<tr>\n<td><strong>Montant<\/strong><\/td>\n<td><strong>ABATTEMENT<\/strong><\/td>\n<\/tr>\n<tr>\n<td>Jusqu\u2019\u00e0 97.407\u20ac<\/td>\n<td>1% sans abattements<\/td>\n<\/tr>\n<tr>\n<td>De 92.408\u20ac \u00e0 126.403\u20ac<\/td>\n<td>2% avec un abattement de 924,07\u20ac.<\/td>\n<\/tr>\n<tr>\n<td>De 126.404\u20ac \u00e0 172.348\u20ac<\/td>\n<td>5% avec un abattement de 4.716,16\u20ac<\/td>\n<\/tr>\n<tr>\n<td>De 172.349\u20ac \u00e0 287.213\u20ac<\/td>\n<td>7% avec un abattement de 8.163,12\u20ac<\/td>\n<\/tr>\n<tr>\n<td>De 287.214\u20ac \u00e0 550.836\u20ac<\/td>\n<td>8% avec un abattement<\/td>\n<\/tr>\n<tr>\n<td>Au-dessus de 550.836\u20ac<\/td>\n<td>taux fixe de 6%<\/td>\n<\/tr>\n<tr>\n<td>Pour les terrains constructibles<\/td>\n<td>taux fixe de 6,5%<\/td>\n<\/tr>\n<tr>\n<td>Pour les terrains agricoles \u00a0<\/td>\n<td>taux fixe de 5%<\/td>\n<\/tr>\n<\/tbody>\n<\/table>\t\t\t\t\t\t\t\t<\/div>\n\t\t\t\t<\/div>\n\t\t\t\t<div class=\"elementor-element elementor-element-a84e682 elementor-widget elementor-widget-text-editor\" data-id=\"a84e682\" data-element_type=\"widget\" data-e-type=\"widget\" data-widget_type=\"text-editor.default\">\n\t\t\t\t<div class=\"elementor-widget-container\">\n\t\t\t\t\t\t\t\t\t<p><strong>L\u2019IMT et les droits de timbre ne sont acquitt\u00e9s qu\u2019une seule fois, lors de l\u2019achat.<\/strong><\/p>\t\t\t\t\t\t\t\t<\/div>\n\t\t\t\t<\/div>\n\t\t\t\t<div class=\"elementor-element elementor-element-1a0632c7 elementor-widget-divider--view-line elementor-widget elementor-widget-divider\" data-id=\"1a0632c7\" data-element_type=\"widget\" data-e-type=\"widget\" data-widget_type=\"divider.default\">\n\t\t\t\t<div class=\"elementor-widget-container\">\n\t\t\t\t\t\t\t<div class=\"elementor-divider\">\n\t\t\t<span class=\"elementor-divider-separator\">\n\t\t\t\t\t\t<\/span>\n\t\t<\/div>\n\t\t\t\t\t\t<\/div>\n\t\t\t\t<\/div>\n\t\t\t\t\t<\/div>\n\t\t<\/div>\n\t\t\t\t<div class=\"elementor-column elementor-col-50 elementor-top-column elementor-element elementor-element-1a824c46\" data-id=\"1a824c46\" data-element_type=\"column\" data-e-type=\"column\">\n\t\t\t<div class=\"elementor-widget-wrap elementor-element-populated\">\n\t\t\t\t\t\t<div class=\"elementor-element elementor-element-1a15c141 elementor-widget elementor-widget-image\" data-id=\"1a15c141\" data-element_type=\"widget\" data-e-type=\"widget\" data-widget_type=\"image.default\">\n\t\t\t\t<div class=\"elementor-widget-container\">\n\t\t\t\t\t\t\t\t\t\t\t\t\t\t\t<img fetchpriority=\"high\" decoding=\"async\" width=\"1024\" height=\"768\" src=\"https:\/\/i0.wp.com\/vivreauportugalconsulting.com\/wp-content\/uploads\/2017\/02\/IMG_0154-scaled.jpeg?fit=1024%2C768&amp;ssl=1\" class=\"attachment-large size-large wp-image-2711\" alt=\"fiscalit\u00e9 immobili\u00e8re au portugal\" srcset=\"https:\/\/i0.wp.com\/vivreauportugalconsulting.com\/wp-content\/uploads\/2017\/02\/IMG_0154-scaled.jpeg?w=2560&amp;ssl=1 2560w, https:\/\/i0.wp.com\/vivreauportugalconsulting.com\/wp-content\/uploads\/2017\/02\/IMG_0154-scaled.jpeg?resize=275%2C206&amp;ssl=1 275w, https:\/\/i0.wp.com\/vivreauportugalconsulting.com\/wp-content\/uploads\/2017\/02\/IMG_0154-scaled.jpeg?resize=507%2C380&amp;ssl=1 507w, https:\/\/i0.wp.com\/vivreauportugalconsulting.com\/wp-content\/uploads\/2017\/02\/IMG_0154-scaled.jpeg?resize=1024%2C768&amp;ssl=1 1024w, https:\/\/i0.wp.com\/vivreauportugalconsulting.com\/wp-content\/uploads\/2017\/02\/IMG_0154-scaled.jpeg?w=2400&amp;ssl=1 2400w\" sizes=\"(max-width: 1024px) 100vw, 1024px\" \/>\t\t\t\t\t\t\t\t\t\t\t\t\t\t\t<\/div>\n\t\t\t\t<\/div>\n\t\t\t\t<section class=\"elementor-section elementor-inner-section elementor-element elementor-element-4d056ffb elementor-section-boxed elementor-section-height-default elementor-section-height-default\" data-id=\"4d056ffb\" data-element_type=\"section\" data-e-type=\"section\">\n\t\t\t\t\t\t<div class=\"elementor-container elementor-column-gap-default\">\n\t\t\t\t\t<div class=\"elementor-column elementor-col-50 elementor-inner-column elementor-element elementor-element-2be6146f\" data-id=\"2be6146f\" data-element_type=\"column\" data-e-type=\"column\">\n\t\t\t<div class=\"elementor-widget-wrap elementor-element-populated\">\n\t\t\t\t\t\t\t<\/div>\n\t\t<\/div>\n\t\t\t\t<div class=\"elementor-column elementor-col-50 elementor-inner-column elementor-element elementor-element-577f0b2b\" data-id=\"577f0b2b\" data-element_type=\"column\" data-e-type=\"column\">\n\t\t\t<div class=\"elementor-widget-wrap\">\n\t\t\t\t\t\t\t<\/div>\n\t\t<\/div>\n\t\t\t\t\t<\/div>\n\t\t<\/section>\n\t\t\t\t<div class=\"elementor-element elementor-element-45ce899 elementor-widget elementor-widget-text-editor\" data-id=\"45ce899\" data-element_type=\"widget\" data-e-type=\"widget\" data-widget_type=\"text-editor.default\">\n\t\t\t\t<div class=\"elementor-widget-container\">\n\t\t\t\t\t\t\t\t\t<h3>IMI\u00a0(Imposto Municipal sobre Im\u00f3veis)<\/h3>\n<p>C\u2019est un imp\u00f4t annuel, calcul\u00e9 sur la valeur fiscale du bien selon le bar\u00e8me suivant : \u00a0<\/p>\n<ul>\n<li>Terrains agricoles : 0,8%.<\/li>\n<li>Autres biens immobiliers : entre 0,3% et 0,8%<\/li>\n<\/ul>\n<p>Ce taux est fix\u00e9 par chaque municipalit\u00e9 (C\u00e2mara Municipal). Il \u00e9galement acquitt\u00e9 de la fa\u00e7on suivante :<\/p>\n<ul>\n<li>Un paiement unique dans le courant du mois d\u2019avril, par ailleurs uniquement quand son montant est inf\u00e9rieur ou \u00e9gal \u00e0 250\u20ac.<\/li>\n<li>Tandis que deux paiements, en avril et en novembre quand son montant est sup\u00e9rieur \u00e0 250\u20ac et \u00e9gal ou inf\u00e9rieur \u00e0 500\u20ac.<\/li>\n<li>Trois paiements, au mois d\u2019avril, juillet et \u00e9galement novembre, quand son montant est sup\u00e9rieur \u00e0 500\u20ac. \u00a0<\/li>\n<\/ul>\n<h3>Autres imp\u00f4ts<\/h3>\n<p>Certaines mairies per\u00e7oivent \u00e9galement une taxe pour l\u2019entretien des r\u00e9seaux d\u2019assainissement (Taxa de Conserva\u00e7\u00e3o de Esgotos). Chaque municipalit\u00e9 fixe le montant. Mais aussi dans certaines municipalit\u00e9s, cette taxe peut \u00eatre int\u00e9gr\u00e9e \u00e0 la facture d\u2019eau.<\/p>\t\t\t\t\t\t\t\t<\/div>\n\t\t\t\t<\/div>\n\t\t\t\t\t<\/div>\n\t\t<\/div>\n\t\t\t\t\t<\/div>\n\t\t<\/section>\n\t\t\t\t<section class=\"elementor-section elementor-top-section elementor-element elementor-element-541a3abc elementor-section-content-middle elementor-section-boxed elementor-section-height-default elementor-section-height-default\" data-id=\"541a3abc\" data-element_type=\"section\" data-e-type=\"section\">\n\t\t\t\t\t\t<div class=\"elementor-container elementor-column-gap-default\">\n\t\t\t\t\t<div class=\"elementor-column elementor-col-50 elementor-top-column elementor-element elementor-element-3e466de6\" data-id=\"3e466de6\" data-element_type=\"column\" data-e-type=\"column\">\n\t\t\t<div class=\"elementor-widget-wrap elementor-element-populated\">\n\t\t\t\t\t\t<div class=\"elementor-element elementor-element-a280036 elementor-widget elementor-widget-testimonial\" data-id=\"a280036\" data-element_type=\"widget\" data-e-type=\"widget\" data-widget_type=\"testimonial.default\">\n\t\t\t\t<div class=\"elementor-widget-container\">\n\t\t\t\t\t\t\t<div class=\"elementor-testimonial-wrapper\">\n\t\t\t\t\t\t\t<div class=\"elementor-testimonial-content\">Besoins d'informations compl\u00e9mentaires, prenez contact avec notre \u00e9quipe <\/div>\n\t\t\t\n\t\t\t\t\t<\/div>\n\t\t\t\t\t\t<\/div>\n\t\t\t\t<\/div>\n\t\t\t\t\t<\/div>\n\t\t<\/div>\n\t\t\t\t<div class=\"elementor-column elementor-col-50 elementor-top-column elementor-element elementor-element-4a3b9640\" data-id=\"4a3b9640\" data-element_type=\"column\" data-e-type=\"column\">\n\t\t\t<div class=\"elementor-widget-wrap elementor-element-populated\">\n\t\t\t\t\t\t<div class=\"elementor-element elementor-element-59d40512 elementor-align-center elementor-widget elementor-widget-button\" data-id=\"59d40512\" data-element_type=\"widget\" data-e-type=\"widget\" data-widget_type=\"button.default\">\n\t\t\t\t<div class=\"elementor-widget-container\">\n\t\t\t\t\t\t\t\t\t<div class=\"elementor-button-wrapper\">\n\t\t\t\t\t<a class=\"elementor-button elementor-button-link elementor-size-lg\" href=\"https:\/\/vivreauportugalconsulting.com\/contact-vivreau-portugal\/\">\n\t\t\t\t\t\t<span class=\"elementor-button-content-wrapper\">\n\t\t\t\t\t\t<span class=\"elementor-button-icon\">\n\t\t\t\t<i aria-hidden=\"true\" class=\"far fa-envelope\"><\/i>\t\t\t<\/span>\n\t\t\t\t\t\t\t\t\t<span class=\"elementor-button-text\">Contactez-nous<\/span>\n\t\t\t\t\t<\/span>\n\t\t\t\t\t<\/a>\n\t\t\t\t<\/div>\n\t\t\t\t\t\t\t\t<\/div>\n\t\t\t\t<\/div>\n\t\t\t\t\t<\/div>\n\t\t<\/div>\n\t\t\t\t\t<\/div>\n\t\t<\/section>\n\t\t\t\t<section class=\"elementor-section elementor-top-section elementor-element elementor-element-300ae9a2 elementor-section-boxed elementor-section-height-default elementor-section-height-default\" data-id=\"300ae9a2\" data-element_type=\"section\" data-e-type=\"section\">\n\t\t\t\t\t\t<div class=\"elementor-container elementor-column-gap-default\">\n\t\t\t\t\t<div class=\"elementor-column elementor-col-100 elementor-top-column elementor-element elementor-element-50a56573\" data-id=\"50a56573\" data-element_type=\"column\" data-e-type=\"column\">\n\t\t\t<div class=\"elementor-widget-wrap elementor-element-populated\">\n\t\t\t\t\t\t<div class=\"elementor-element elementor-element-69e276b elementor-widget elementor-widget-spacer\" data-id=\"69e276b\" data-element_type=\"widget\" data-e-type=\"widget\" data-widget_type=\"spacer.default\">\n\t\t\t\t<div class=\"elementor-widget-container\">\n\t\t\t\t\t\t\t<div class=\"elementor-spacer\">\n\t\t\t<div class=\"elementor-spacer-inner\"><\/div>\n\t\t<\/div>\n\t\t\t\t\t\t<\/div>\n\t\t\t\t<\/div>\n\t\t\t\t\t<\/div>\n\t\t<\/div>\n\t\t\t\t\t<\/div>\n\t\t<\/section>\n\t\t\t\t<\/div>\n\t\t","protected":false},"excerpt":{"rendered":"<p>Fiscalit\u00e9 immobili\u00e8re au Portugal Tout comme en France, l\u2019acquisition d\u2019une&nbsp;r\u00e9sidence principale ou d\u2019une r\u00e9sidence secondaire&nbsp;est \u00e9galement soumise \u00e0 la fiscalit\u00e9 immobili\u00e8re au Portugal. Ainsi vous trouverez ci-dessous le d\u00e9tail complet de la fiscalit\u00e9 immobili\u00e8re applicable au&nbsp;Portugal. The Value of Our Services Droits de timbre&nbsp;(Imposto do Selo) De base, il est d\u2019un montant fixe de 0,8%&hellip;&nbsp;<a href=\"https:\/\/vivreauportugalconsulting.com\/fr_fr\/fiscalite-immobiliere-au-portugal\/\" rel=\"bookmark\">Read More &raquo;<span class=\"screen-reader-text\">FISCALIT\u00c9 IMMOBILI\u00c8RE AU PORTUGAL<\/span><\/a><\/p>\n","protected":false},"author":1,"featured_media":2711,"parent":0,"menu_order":0,"comment_status":"closed","ping_status":"closed","template":"elementor_header_footer","meta":{"neve_meta_sidebar":"","neve_meta_container":"","neve_meta_enable_content_width":"","neve_meta_content_width":0,"neve_meta_title_alignment":"","neve_meta_author_avatar":"","neve_post_elements_order":"","neve_meta_disable_header":"","neve_meta_disable_footer":"","neve_meta_disable_title":"","neve_meta_reading_time":"","footnotes":""},"class_list":["post-48","page","type-page","status-publish","has-post-thumbnail","hentry"],"jetpack_sharing_enabled":true,"_links":{"self":[{"href":"https:\/\/vivreauportugalconsulting.com\/fr_fr\/wp-json\/wp\/v2\/pages\/48","targetHints":{"allow":["GET"]}}],"collection":[{"href":"https:\/\/vivreauportugalconsulting.com\/fr_fr\/wp-json\/wp\/v2\/pages"}],"about":[{"href":"https:\/\/vivreauportugalconsulting.com\/fr_fr\/wp-json\/wp\/v2\/types\/page"}],"author":[{"embeddable":true,"href":"https:\/\/vivreauportugalconsulting.com\/fr_fr\/wp-json\/wp\/v2\/users\/1"}],"replies":[{"embeddable":true,"href":"https:\/\/vivreauportugalconsulting.com\/fr_fr\/wp-json\/wp\/v2\/comments?post=48"}],"version-history":[{"count":0,"href":"https:\/\/vivreauportugalconsulting.com\/fr_fr\/wp-json\/wp\/v2\/pages\/48\/revisions"}],"wp:featuredmedia":[{"embeddable":true,"href":"https:\/\/vivreauportugalconsulting.com\/fr_fr\/wp-json\/wp\/v2\/media\/2711"}],"wp:attachment":[{"href":"https:\/\/vivreauportugalconsulting.com\/fr_fr\/wp-json\/wp\/v2\/media?parent=48"}],"curies":[{"name":"wp","href":"https:\/\/api.w.org\/{rel}","templated":true}]}}